{"id":177,"date":"2025-10-14T10:07:40","date_gmt":"2025-10-14T10:07:40","guid":{"rendered":"https:\/\/jpraena.com\/?page_id=177"},"modified":"2025-10-14T10:41:58","modified_gmt":"2025-10-14T10:41:58","slug":"avis-legal","status":"publish","type":"page","link":"https:\/\/jpraena.com\/ca\/aviso-legal\/","title":{"rendered":"Av\u00eds legal"},"content":{"rendered":"<div data-elementor-type=\"wp-page\" data-elementor-id=\"177\" class=\"elementor elementor-177\" data-elementor-post-type=\"page\">\n\t\t\t\t\t\t<section class=\"elementor-section elementor-top-section elementor-element elementor-element-6d803903 elementor-section-boxed elementor-section-height-default elementor-section-height-default\" data-id=\"6d803903\" data-element_type=\"section\" data-e-type=\"section\" data-settings=\"{&quot;background_background&quot;:&quot;classic&quot;}\">\n\t\t\t\t\t\t\t<div class=\"elementor-background-overlay\"><\/div>\n\t\t\t\t\t\t\t<div class=\"elementor-container elementor-column-gap-default\">\n\t\t\t\t\t<div class=\"elementor-column elementor-col-100 elementor-top-column elementor-element elementor-element-532a3412\" data-id=\"532a3412\" data-element_type=\"column\" data-e-type=\"column\">\n\t\t\t<div class=\"elementor-widget-wrap elementor-element-populated\">\n\t\t\t\t\t\t<div class=\"elementor-element elementor-element-50fba276 elementor-widget-divider--view-line elementor-widget elementor-widget-divider\" data-id=\"50fba276\" data-element_type=\"widget\" data-e-type=\"widget\" data-widget_type=\"divider.default\">\n\t\t\t\t\t\t\t<div class=\"elementor-divider\">\n\t\t\t<span class=\"elementor-divider-separator\">\n\t\t\t\t\t\t<\/span>\n\t\t<\/div>\n\t\t\t\t\t\t<\/div>\n\t\t\t\t\t<\/div>\n\t\t<\/div>\n\t\t\t\t\t<\/div>\n\t\t<\/section>\n\t\t<div class=\"elementor-element elementor-element-58ff6b3 e-flex e-con-boxed e-con e-parent\" data-id=\"58ff6b3\" data-element_type=\"container\" data-e-type=\"container\">\n\t\t\t\t\t<div class=\"e-con-inner\">\n\t\t\t\t<div class=\"elementor-element elementor-element-b47c5f6 elementor-toc--minimized-on-tablet elementor-widget elementor-widget-table-of-contents\" data-id=\"b47c5f6\" data-element_type=\"widget\" data-e-type=\"widget\" data-settings=\"{&quot;headings_by_tags&quot;:[&quot;h2&quot;,&quot;h3&quot;],&quot;exclude_headings_by_selector&quot;:[],&quot;no_headings_message&quot;:&quot;No headings were found on this page.&quot;,&quot;marker_view&quot;:&quot;numbers&quot;,&quot;minimize_box&quot;:&quot;yes&quot;,&quot;minimized_on&quot;:&quot;tablet&quot;,&quot;hierarchical_view&quot;:&quot;yes&quot;,&quot;min_height&quot;:{&quot;unit&quot;:&quot;px&quot;,&quot;size&quot;:&quot;&quot;,&quot;sizes&quot;:[]},&quot;min_height_tablet&quot;:{&quot;unit&quot;:&quot;px&quot;,&quot;size&quot;:&quot;&quot;,&quot;sizes&quot;:[]},&quot;min_height_mobile&quot;:{&quot;unit&quot;:&quot;px&quot;,&quot;size&quot;:&quot;&quot;,&quot;sizes&quot;:[]}}\" data-widget_type=\"table-of-contents.default\">\n\t\t\t\t\t\t\t\t\t<div class=\"elementor-toc__header\">\n\t\t\t\t\t\t<h4 class=\"elementor-toc__header-title\">\n\t\t\t\tTable of Contents\t\t\t<\/h4>\n\t\t\t\t\t\t\t\t\t\t<div class=\"elementor-toc__toggle-button elementor-toc__toggle-button--expand\" role=\"button\" tabindex=\"0\" aria-controls=\"elementor-toc__b47c5f6\" aria-expanded=\"true\" aria-label=\"Obrir taula de continguts\"><svg aria-hidden=\"true\" class=\"e-font-icon-svg e-fas-chevron-down\" viewbox=\"0 0 448 512\" xmlns=\"http:\/\/www.w3.org\/2000\/svg\"><path d=\"M207.029 381.476L12.686 187.132c-9.373-9.373-9.373-24.569 0-33.941l22.667-22.667c9.357-9.357 24.522-9.375 33.901-.04L224 284.505l154.745-154.021c9.379-9.335 24.544-9.317 33.901.04l22.667 22.667c9.373 9.373 9.373 24.569 0 33.941L240.971 381.476c-9.373 9.372-24.569 9.372-33.942 0z\"><\/path><\/svg><\/div>\n\t\t\t\t<div class=\"elementor-toc__toggle-button elementor-toc__toggle-button--collapse\" role=\"button\" tabindex=\"0\" aria-controls=\"elementor-toc__b47c5f6\" aria-expanded=\"true\" aria-label=\"Tancar taula de continguts\"><svg aria-hidden=\"true\" class=\"e-font-icon-svg e-fas-chevron-up\" viewbox=\"0 0 448 512\" xmlns=\"http:\/\/www.w3.org\/2000\/svg\"><path d=\"M240.971 130.524l194.343 194.343c9.373 9.373 9.373 24.569 0 33.941l-22.667 22.667c-9.357 9.357-24.522 9.375-33.901.04L224 227.495 69.255 381.516c-9.379 9.335-24.544 9.317-33.901-.04l-22.667-22.667c-9.373-9.373-9.373-24.569 0-33.941L207.03 130.525c9.372-9.373 24.568-9.373 33.941-.001z\"><\/path><\/svg><\/div>\n\t\t\t\t\t<\/div>\n\t\t\t\t<div id=\"elementor-toc__b47c5f6\" class=\"elementor-toc__body\">\n\t\t\t<div class=\"elementor-toc__spinner-container\">\n\t\t\t\t<svg class=\"elementor-toc__spinner eicon-animation-spin e-font-icon-svg e-eicon-loading\" aria-hidden=\"true\" viewbox=\"0 0 1000 1000\" xmlns=\"http:\/\/www.w3.org\/2000\/svg\"><path d=\"M500 975V858C696 858 858 696 858 500S696 142 500 142 142 304 142 500H25C25 237 238 25 500 25S975 237 975 500 763 975 500 975Z\"><\/path><\/svg>\t\t\t<\/div>\n\t\t<\/div>\n\t\t\t\t\t\t<\/div>\n\t\t\t\t<div class=\"elementor-element elementor-element-79cb15d elementor-widget elementor-widget-text-editor\" data-id=\"79cb15d\" data-element_type=\"widget\" data-e-type=\"widget\" data-widget_type=\"text-editor.default\">\n\t\t\t\t\t\t\t\t\t<p data-start=\"45\" data-end=\"256\">\u00a0<\/p><p data-start=\"45\" data-end=\"256\"><strong data-start=\"45\" data-end=\"69\">Titular del domini:<\/strong> <a class=\"decorated-link\" href=\"https:\/\/jpraena.com\/ca\/\" target=\"_new\" rel=\"noopener\" data-start=\"70\" data-end=\"85\">www.jpraena.com<\/a><br data-start=\"85\" data-end=\"88\" \/><strong data-start=\"88\" data-end=\"120\">Responsable del tractament:<\/strong> JESSICA PRAENA MOYA<br data-start=\"140\" data-end=\"143\" \/><strong data-start=\"143\" data-end=\"157\">Domicili:<\/strong> Badalona (Barcelona)<br data-start=\"178\" data-end=\"181\" \/><strong data-start=\"181\" data-end=\"189\">NIF:<\/strong> 47332559P<br data-start=\"199\" data-end=\"202\" \/><strong data-start=\"202\" data-end=\"237\">Correu electr\u00f2nic de contacte:<\/strong> <a class=\"decorated-link cursor-pointer\" rel=\"noopener\" data-start=\"238\" data-end=\"254\">jpraena@icab.cat<\/a><\/p><hr data-start=\"258\" data-end=\"261\" \/><h2 data-start=\"263\" data-end=\"291\">1. Compliment normatiu<\/h2><p data-start=\"293\" data-end=\"861\">En compliment del <strong data-start=\"313\" data-end=\"341\">Reglament (UE) 2016\/679<\/strong> del Parlament Europeu i del Consell (Reglament General de Protecci\u00f3 de Dades \u2014RGPD\u2014) i de la <strong data-start=\"438\" data-end=\"461\">Llei Org\u00e0nica 3\/2018<\/strong>, de Protecci\u00f3 de Dades Personals i garantia dels drets digitals (<strong data-start=\"535\" data-end=\"546\">LOPDGDD<\/strong>), s&#039;informa els usuaris del lloc web <strong data-start=\"589\" data-end=\"608\"><a class=\"decorated-link\" href=\"https:\/\/jpraena.com\/ca\/\" target=\"_new\" rel=\"noopener\" data-start=\"591\" data-end=\"606\">www.jpraena.com<\/a><\/strong> (d&#039;ara endavant, el Lloc Web) que les dades personals facilitades a trav\u00e9s d&#039;aquest mitj\u00e0 seran tractades per <strong data-start=\"718\" data-end=\"741\">JESSICA PRAENA MOYA<\/strong> (d&#039;ara endavant, \u201cla Responsable\u201d) d&#039;acord amb els principis de licitud, lleialtat, transpar\u00e8ncia, minimitzaci\u00f3 i exactitud.<\/p><hr data-start=\"863\" data-end=\"866\" \/><h2 data-start=\"868\" data-end=\"923\">2. Finalitat del tractament de les dades personals<\/h2><p data-start=\"925\" data-end=\"1044\">Les dades personals que es demanen a trav\u00e9s del Lloc Web seran tractades amb les seg\u00fcents <strong data-start=\"1018\" data-end=\"1043\">finalitats leg\u00edtimes<\/strong>:<\/p><ul data-start=\"1046\" data-end=\"1529\"><li data-start=\"1046\" data-end=\"1158\"><p data-start=\"1048\" data-end=\"1158\"><strong data-start=\"1048\" data-end=\"1083\">Atendre sol\u00b7licituds o consultes<\/strong> realitzades a trav\u00e9s dels formularis de contacte o correu electr\u00f2nic.<\/p><\/li><li data-start=\"1159\" data-end=\"1256\"><p data-start=\"1161\" data-end=\"1256\"><strong data-start=\"1161\" data-end=\"1202\">Gestionar la comunicaci\u00f3 professional<\/strong> amb clients, col\u00b7laboradors o usuaris interessats.<\/p><\/li><li data-start=\"1257\" data-end=\"1361\"><p data-start=\"1259\" data-end=\"1361\"><strong data-start=\"1259\" data-end=\"1295\">Complir amb obligacions legals<\/strong> derivades de la relaci\u00f3 professional o contractual establerta.<\/p><\/li><li data-start=\"1362\" data-end=\"1529\"><p data-start=\"1364\" data-end=\"1529\"><strong data-start=\"1364\" data-end=\"1386\">Enviar informaci\u00f3<\/strong> relacionada amb els serveis o activitats professionals de la Responsable, sempre que l&#039;usuari hagi atorgat el consentiment expr\u00e9s.<\/p><\/li><\/ul><p data-start=\"1531\" data-end=\"1650\">Les dades no seran utilitzades per a finalitats diferents de les anteriors sense <strong data-start=\"1609\" data-end=\"1634\">consentiment previ<\/strong> de linteressat.<\/p><hr data-start=\"1652\" data-end=\"1655\" \/><h2 data-start=\"1657\" data-end=\"1695\">3. Legitimaci\u00f3 per al tractament<\/h2><p data-start=\"1697\" data-end=\"1828\">El tractament de les dades personals es realitza d&#039;acord amb les bases jur\u00eddiques seg\u00fcents establertes a l&#039;article 6 del RGPD:<\/p><ul data-start=\"1830\" data-end=\"2280\"><li data-start=\"1830\" data-end=\"1934\"><p data-start=\"1832\" data-end=\"1934\"><strong data-start=\"1832\" data-end=\"1858\">Consentiment expr\u00e9s<\/strong> de l&#039;usuari en completar formularis o enviar comunicacions volunt\u00e0ries.<\/p><\/li><li data-start=\"1935\" data-end=\"2058\"><p data-start=\"1937\" data-end=\"2058\"><strong data-start=\"1937\" data-end=\"1995\">Execuci\u00f3 duna relaci\u00f3 contractual o precontractual<\/strong>, en cas que l&#039;usuari sol\u00b7liciti serveis professionals.<\/p><\/li><li data-start=\"2059\" data-end=\"2164\"><p data-start=\"2061\" data-end=\"2164\"><strong data-start=\"2061\" data-end=\"2101\">Compliment d&#039;obligacions legals<\/strong>, especialment en mat\u00e8ria fiscal, comptable o administrativa.<\/p><\/li><li data-start=\"2165\" data-end=\"2280\"><p data-start=\"2167\" data-end=\"2280\"><strong data-start=\"2167\" data-end=\"2187\">Inter\u00e8s leg\u00edtim<\/strong> mantenir la comunicaci\u00f3 amb usuaris o clients en el marc de l&#039;activitat professional.<\/p><\/li><\/ul><hr data-start=\"2282\" data-end=\"2285\" \/><h2 data-start=\"2287\" data-end=\"2318\">4. Conservaci\u00f3 de les dades<\/h2><p data-start=\"2320\" data-end=\"2356\">Les dades personals es conservaran:<\/p><ul data-start=\"2358\" data-end=\"2642\"><li data-start=\"2358\" data-end=\"2446\"><p data-start=\"2360\" data-end=\"2446\">Mentre siguin necessaris per complir amb la finalitat per a la qual van ser recollits.<\/p><\/li><li data-start=\"2447\" data-end=\"2511\"><p data-start=\"2449\" data-end=\"2511\">Mentre es mantingui una relaci\u00f3 contractual o professional.<\/p><\/li><li data-start=\"2512\" data-end=\"2642\"><p data-start=\"2514\" data-end=\"2642\">I, posteriorment, durant els <strong data-start=\"2545\" data-end=\"2573\">terminis legals exigibles<\/strong> per atendre possibles responsabilitats derivades del tractament.<\/p><\/li><\/ul><p data-start=\"2644\" data-end=\"2739\">Un cop complerts aquests terminis, les dades seran <strong data-start=\"2693\" data-end=\"2723\">suprimits de forma segura<\/strong> o anonimitzats.<\/p><hr data-start=\"2741\" data-end=\"2744\" \/><h2 data-start=\"2746\" data-end=\"2782\">5. Comunicaci\u00f3 o cessi\u00f3 de dades<\/h2><p data-start=\"2784\" data-end=\"2893\">Les dades personals <strong data-start=\"2805\" data-end=\"2861\">no seran cedits, venuts ni comunicats a tercers<\/strong>, excepte en els casos seg\u00fcents:<\/p><ul data-start=\"2895\" data-end=\"3145\"><li data-start=\"2895\" data-end=\"2955\"><p data-start=\"2897\" data-end=\"2955\"><strong data-start=\"2897\" data-end=\"2921\">Per obligaci\u00f3 legal<\/strong>, a les autoritats competents.<\/p><\/li><li data-start=\"2956\" data-end=\"3145\"><p data-start=\"2958\" data-end=\"3145\"><strong data-start=\"2958\" data-end=\"2988\">A prove\u00efdors de serveis<\/strong> que actuen com <strong data-start=\"3005\" data-end=\"3035\">encarregats del tractament<\/strong> (per exemple, hosting o manteniment web), sempre sota contracte i amb les garanties exigides pel RGPD.<\/p><\/li><\/ul><p data-start=\"3147\" data-end=\"3258\">En cap cas no es realitzaran transfer\u00e8ncies internacionals de dades sense el consentiment expr\u00e9s de l&#039;usuari.<\/p><hr data-start=\"3260\" data-end=\"3263\" \/><h2 data-start=\"3265\" data-end=\"3295\">6. Drets dels usuaris<\/h2><p data-start=\"3297\" data-end=\"3404\">L&#039;usuari podr\u00e0 exercir, en qualsevol moment, els drets reconeguts als articles 15 a 22 del RGPD:<\/p><ul data-start=\"3406\" data-end=\"3996\"><li data-start=\"3406\" data-end=\"3471\"><p data-start=\"3408\" data-end=\"3471\"><strong data-start=\"3408\" data-end=\"3430\">Dret d&#039;acc\u00e9s:<\/strong> con\u00e8ixer les dades personals tractades.<\/p><\/li><li data-start=\"3472\" data-end=\"3563\"><p data-start=\"3474\" data-end=\"3563\"><strong data-start=\"3474\" data-end=\"3503\">Dret de rectificaci\u00f3:<\/strong> sol\u00b7licitar la correcci\u00f3 de dades inexactes o incomplets.<\/p><\/li><li data-start=\"3564\" data-end=\"3681\"><p data-start=\"3566\" data-end=\"3681\"><strong data-start=\"3566\" data-end=\"3611\">Dret de supressi\u00f3 (dret a l&#039;oblit):<\/strong> sol\u00b7licitar l&#039;eliminaci\u00f3 de les dades quan ja no siguin necess\u00e0ries.<\/p><\/li><li data-start=\"3682\" data-end=\"3780\"><p data-start=\"3684\" data-end=\"3780\"><strong data-start=\"3684\" data-end=\"3709\">Dret d&#039;oposici\u00f3:<\/strong> oposar-se al tractament de les dades en determinades circumst\u00e0ncies.<\/p><\/li><li data-start=\"3781\" data-end=\"3883\"><p data-start=\"3783\" data-end=\"3883\"><strong data-start=\"3783\" data-end=\"3825\">Dret de limitaci\u00f3 del tractament:<\/strong> sol\u00b7licitar la restricci\u00f3 temporal de l&#039;\u00fas de les vostres dades.<\/p><\/li><li data-start=\"3884\" data-end=\"3996\"><p data-start=\"3886\" data-end=\"3996\"><strong data-start=\"3886\" data-end=\"3916\">Dret a la portabilitat:<\/strong> rebre les dades en format estructurat i transmetre&#039;ls a un altre responsable.<\/p><\/li><\/ul><p data-start=\"3998\" data-end=\"4205\">Per exercir aquests drets, l&#039;usuari haur\u00e0 d&#039;enviar una sol\u00b7licitud <strong data-start=\"4066\" data-end=\"4091\">per escrit i signada<\/strong>, acompanyada d&#039;una c\u00f2pia de la seva <strong data-start=\"4123\" data-end=\"4155\">DNI o document acreditatiu<\/strong>, al correu electr\u00f2nic:<br data-start=\"4179\" data-end=\"4182\" \/>\ud83d\udce7 <strong data-start=\"4185\" data-end=\"4205\"><a class=\"decorated-link cursor-pointer\" rel=\"noopener\" data-start=\"4187\" data-end=\"4203\">jpraena@icab.cat<\/a><\/strong><\/p><p data-start=\"4207\" data-end=\"4417\">Aix\u00ed mateix, l&#039;usuari t\u00e9 dret a presentar una reclamaci\u00f3 davant de la <strong data-start=\"4278\" data-end=\"4328\">Ag\u00e8ncia Espanyola de Protecci\u00f3 de Dades (AEPD)<\/strong> si considera que els seus drets no han estat respectats: <a class=\"decorated-link cursor-pointer\" target=\"_new\" rel=\"noopener\" data-start=\"4383\" data-end=\"4417\">www.aepd.es<\/a><\/p><hr data-start=\"4419\" data-end=\"4422\" \/><h2 data-start=\"4424\" data-end=\"4458\">7. Dades tractades i proced\u00e8ncia<\/h2><p data-start=\"4460\" data-end=\"4656\">Les dades personals que es tracten procedeixen directament de lusuari a trav\u00e9s dels formularis o correus electr\u00f2nics de contacte.<br data-start=\"4592\" data-end=\"4595\" \/>Les dades tractades s\u00f3n, amb car\u00e0cter general, les seg\u00fcents:<\/p><ul data-start=\"4658\" data-end=\"4815\"><li data-start=\"4658\" data-end=\"4681\"><p data-start=\"4660\" data-end=\"4681\">Nom i cognoms.<\/p><\/li><li data-start=\"4682\" data-end=\"4718\"><p data-start=\"4684\" data-end=\"4718\">Adre\u00e7a de correu electr\u00f2nic.<\/p><\/li><li data-start=\"4719\" data-end=\"4749\"><p data-start=\"4721\" data-end=\"4749\">Tel\u00e8fon (si es facilita).<\/p><\/li><li data-start=\"4750\" data-end=\"4815\"><p data-start=\"4752\" data-end=\"4815\">Informaci\u00f3 professional o de contacte associada a la consulta.<\/p><\/li><\/ul><p data-start=\"4817\" data-end=\"4912\">No es tracten dades especialment protegides (com les relatives a salut, ideologia o religi\u00f3).<\/p><hr data-start=\"4914\" data-end=\"4917\" \/><h2 data-start=\"4919\" data-end=\"4953\">8. Confidencialitat i seguretat<\/h2><p data-start=\"4955\" data-end=\"5201\"><strong data-start=\"4955\" data-end=\"4978\">JESSICA PRAENA MOYA<\/strong> garanteix la <strong data-start=\"4992\" data-end=\"5012\">confidencialitat<\/strong> de les dades personals i ha adoptat les mesures t\u00e8cniques i organitzatives necess\u00e0ries per garantir-ne el <strong data-start=\"5118\" data-end=\"5131\">seguretat<\/strong>, evitant la seva alteraci\u00f3, p\u00e8rdua, tractament o acc\u00e9s no autoritzat.<\/p><p data-start=\"5203\" data-end=\"5309\">Tot i aix\u00f2, l&#039;usuari ha de ser conscient que les mesures de seguretat a Internet no s\u00f3n infal\u00b7libles.<\/p><hr data-start=\"5311\" data-end=\"5314\" \/><h2 data-start=\"5316\" data-end=\"5349\">9. Comunicacions electr\u00f2niques<\/h2><p data-start=\"5351\" data-end=\"5720\">La Responsable podr\u00e0 enviar comunicacions electr\u00f2niques relatives als seus serveis professionals \u00fanicament quan n&#039;hi hagi una <strong data-start=\"5476\" data-end=\"5495\">relaci\u00f3 pr\u00e8via<\/strong> amb l&#039;usuari o quan aquest hagi atorgat el seu <strong data-start=\"5542\" data-end=\"5568\">consentiment expr\u00e9s<\/strong>.<br data-start=\"5569\" data-end=\"5572\" \/>En qualsevol moment, l&#039;usuari podr\u00e0 sol\u00b7licitar la <strong data-start=\"5624\" data-end=\"5645\">baixa o revocaci\u00f3<\/strong> de les comunicacions esmentades mitjan\u00e7ant el mateix correu electr\u00f2nic de contacte.<\/p><hr data-start=\"5722\" data-end=\"5725\" \/><h2 data-start=\"5727\" data-end=\"5752\">10. Enlla\u00e7os a tercers<\/h2><p data-start=\"5754\" data-end=\"6048\">El lloc web pot incloure enlla\u00e7os a llocs web externs.<br data-start=\"5811\" data-end=\"5814\" \/><strong data-start=\"5814\" data-end=\"5837\">JESSICA PRAENA MOYA<\/strong> no es responsabilitza de les pol\u00edtiques de privadesa ni del contingut d&#039;aquests llocs, recomanant a l&#039;usuari que llegeixi detingudament les pol\u00edtiques aplicables en cada cas abans de proporcionar dades personals.<\/p><hr data-start=\"6050\" data-end=\"6053\" \/><h2 data-start=\"6055\" data-end=\"6104\">11. Actualitzaci\u00f3 de la pol\u00edtica de privadesa<\/h2><p data-start=\"6106\" data-end=\"6297\">Aquesta Pol\u00edtica de Privadesa podr\u00e0 ser actualitzada per reflectir canvis normatius o t\u00e8cnics.<br data-start=\"6207\" data-end=\"6210\" \/>Qualsevol modificaci\u00f3 rellevant ser\u00e0 comunicada als usuaris a trav\u00e9s del Lloc Web.<\/p>\t\t\t\t\t\t\t\t<\/div>\n\t\t\t\t\t<\/div>\n\t\t\t\t<\/div>\n\t\t\t\t<\/div>","protected":false},"excerpt":{"rendered":"<p>Table of Contents Titular del domini: www.jpraena.comResponsable del tractament: JESSICA PRAENA MOYADomicilio: Badalona (Barcelona)NIF: 47332559Correu electr\u00f2nic de contacte: jpraena@icab.cat 1. Compliment normatiu En compliment del Reglament (UE)o9 del Parlament (UE) 90 Protecci\u00f3 de Dades (RGPD) i de la Llei Org\u00e0nica 3\/2018, de Protecci\u00f3 de Dades Personals i garantia [\u2026]<\/p>","protected":false},"author":2,"featured_media":0,"parent":0,"menu_order":0,"comment_status":"closed","ping_status":"closed","template":"","meta":{"footnotes":""},"class_list":["post-177","page","type-page","status-publish","hentry"],"_links":{"self":[{"href":"https:\/\/jpraena.com\/ca\/wp-json\/wp\/v2\/pages\/177","targetHints":{"allow":["GET"]}}],"collection":[{"href":"https:\/\/jpraena.com\/ca\/wp-json\/wp\/v2\/pages"}],"about":[{"href":"https:\/\/jpraena.com\/ca\/wp-json\/wp\/v2\/types\/page"}],"author":[{"embeddable":true,"href":"https:\/\/jpraena.com\/ca\/wp-json\/wp\/v2\/users\/2"}],"replies":[{"embeddable":true,"href":"https:\/\/jpraena.com\/ca\/wp-json\/wp\/v2\/comments?post=177"}],"version-history":[{"count":5,"href":"https:\/\/jpraena.com\/ca\/wp-json\/wp\/v2\/pages\/177\/revisions"}],"predecessor-version":[{"id":215,"href":"https:\/\/jpraena.com\/ca\/wp-json\/wp\/v2\/pages\/177\/revisions\/215"}],"wp:attachment":[{"href":"https:\/\/jpraena.com\/ca\/wp-json\/wp\/v2\/media?parent=177"}],"curies":[{"name":"wp","href":"https:\/\/api.w.org\/{rel}","templated":true}]}}